{"id":12374,"date":"2023-06-05T21:38:59","date_gmt":"2023-06-06T01:38:59","guid":{"rendered":"https:\/\/victoriavynn.ca\/product\/victoria-vynn-white-towel-with-black-logo\/"},"modified":"2026-04-23T13:12:44","modified_gmt":"2026-04-23T17:12:44","slug":"victoria-vynn-serviette-blanche-avec-logo-noir","status":"publish","type":"product","link":"https:\/\/victoriavynn.ca\/fr\/product\/victoria-vynn-white-towel-with-black-logo\/","title":{"rendered":"Victoria VYNN Serviette blanche avec logo noir"},"content":{"rendered":"","protected":false},"excerpt":{"rendered":"","protected":false},"featured_media":12375,"comment_status":"open","ping_status":"closed","template":"","meta":{"jetpack_post_was_ever_published":false,"jetpack_publicize_message":"","jetpack_publicize_feature_enabled":true,"jetpack_social_post_already_shared":false,"jetpack_social_options":{"image_generator_settings":{"template":"highway","default_image_id":0,"font":"","enabled":false},"version":2}},"product_brand":[],"product_cat":[31],"product_tag":[92],"class_list":{"0":"post-12374","1":"product","2":"type-product","3":"status-publish","4":"has-post-thumbnail","6":"product_cat-nail-tools-and-accessories","7":"product_tag-nail-accessories","8":"product_shipping_class-cardboard-box","10":"first","11":"instock","12":"taxable","13":"shipping-taxable","14":"purchasable","15":"product-type-simple"},"jetpack_publicize_connections":[],"jetpack-related-posts":[{"id":3214,"url":"https:\/\/victoriavynn.ca\/fr\/product\/hand-rest-for-nails-black\/","url_meta":{"origin":12374,"position":0},"title":"Victoria VYNN Repose-main noir","author":"Serge Sahakian","date":"ao\u00fbt 18, 2022","format":false,"excerpt":"Le travail d'un styliste n\u00e9cessite l'utilisation d'accessoires appropri\u00e9s. Cette cat\u00e9gorie comprend des formes fiables pour la construction des ongles, ainsi que des produits qui embelliront votre lieu de travail : de belles serviettes, des sets de table, des repose-mains pour les ongles, des tabliers dans vos couleurs pr\u00e9f\u00e9r\u00e9es.","rel":"","context":"Similar post","block_context":{"text":"Similar post","link":""},"img":{"alt_text":"hand rest for nails","src":"https:\/\/i0.wp.com\/victoriavynn.ca\/wp-content\/uploads\/2022\/08\/hand-rest-black.jpeg?fit=753%2C753&ssl=1&resize=350%2C200","width":350,"height":200,"srcset":"https:\/\/i0.wp.com\/victoriavynn.ca\/wp-content\/uploads\/2022\/08\/hand-rest-black.jpeg?fit=753%2C753&ssl=1&resize=350%2C200 1x, https:\/\/i0.wp.com\/victoriavynn.ca\/wp-content\/uploads\/2022\/08\/hand-rest-black.jpeg?fit=753%2C753&ssl=1&resize=525%2C300 1.5x, https:\/\/i0.wp.com\/victoriavynn.ca\/wp-content\/uploads\/2022\/08\/hand-rest-black.jpeg?fit=753%2C753&ssl=1&resize=700%2C400 2x"},"classes":[]},{"id":3030,"url":"https:\/\/victoriavynn.ca\/fr\/product\/hand-rest-for-nail-table-white\/","url_meta":{"origin":12374,"position":1},"title":"Repose-main Victoria VYNN Blanc","author":"Serge Sahakian","date":"ao\u00fbt 18, 2022","format":false,"excerpt":"Le travail d'un styliste n\u00e9cessite l'utilisation d'accessoires appropri\u00e9s. Cette cat\u00e9gorie comprend des formes fiables pour la construction des ongles, ainsi que des produits qui embelliront votre lieu de travail : de belles serviettes, des tapis de table, des repose-mains pour la table \u00e0 ongles, des tabliers dans vos couleurs pr\u00e9f\u00e9r\u00e9es.","rel":"","context":"Similar post","block_context":{"text":"Similar post","link":""},"img":{"alt_text":"hand rest for nail table","src":"https:\/\/i0.wp.com\/victoriavynn.ca\/wp-content\/uploads\/2022\/08\/hand-rest-white.jpeg?fit=753%2C753&ssl=1&resize=350%2C200","width":350,"height":200,"srcset":"https:\/\/i0.wp.com\/victoriavynn.ca\/wp-content\/uploads\/2022\/08\/hand-rest-white.jpeg?fit=753%2C753&ssl=1&resize=350%2C200 1x, https:\/\/i0.wp.com\/victoriavynn.ca\/wp-content\/uploads\/2022\/08\/hand-rest-white.jpeg?fit=753%2C753&ssl=1&resize=525%2C300 1.5x, https:\/\/i0.wp.com\/victoriavynn.ca\/wp-content\/uploads\/2022\/08\/hand-rest-white.jpeg?fit=753%2C753&ssl=1&resize=700%2C400 2x"},"classes":[]},{"id":3146,"url":"https:\/\/victoriavynn.ca\/fr\/product\/victoria-vynn-3-pack-black-white\/","url_meta":{"origin":12374,"position":2},"title":"Victoria VYNN 3 Pack Promo Set Noir &amp; Blanc","author":"Serge Sahakian","date":"ao\u00fbt 18, 2022","format":false,"excerpt":"Gel Polish 261 - 262 + Top Unblue no wipe","rel":"","context":"Similar post","block_context":{"text":"Similar post","link":""},"img":{"alt_text":"","src":"https:\/\/i0.wp.com\/victoriavynn.ca\/wp-content\/uploads\/2022\/08\/3-pack-black-amp-white.jpeg?fit=753%2C753&ssl=1&resize=350%2C200","width":350,"height":200,"srcset":"https:\/\/i0.wp.com\/victoriavynn.ca\/wp-content\/uploads\/2022\/08\/3-pack-black-amp-white.jpeg?fit=753%2C753&ssl=1&resize=350%2C200 1x, https:\/\/i0.wp.com\/victoriavynn.ca\/wp-content\/uploads\/2022\/08\/3-pack-black-amp-white.jpeg?fit=753%2C753&ssl=1&resize=525%2C300 1.5x, https:\/\/i0.wp.com\/victoriavynn.ca\/wp-content\/uploads\/2022\/08\/3-pack-black-amp-white.jpeg?fit=753%2C753&ssl=1&resize=700%2C400 2x"},"classes":[]},{"id":3064,"url":"https:\/\/victoriavynn.ca\/fr\/product\/victoria-vynn-vv-touch-pen-white\/","url_meta":{"origin":12374,"position":3},"title":"Stylo Victoria VYNN Touch White","author":"Serge Sahakian","date":"ao\u00fbt 18, 2022","format":false,"excerpt":"Mat\u00e9riel de marketing de Victoria VYNN","rel":"","context":"Similar post","block_context":{"text":"Similar post","link":""},"img":{"alt_text":"","src":"https:\/\/i0.wp.com\/victoriavynn.ca\/wp-content\/uploads\/2022\/08\/dlugopis-touch-pen-vv-bialy.jpeg?fit=753%2C753&ssl=1&resize=350%2C200","width":350,"height":200,"srcset":"https:\/\/i0.wp.com\/victoriavynn.ca\/wp-content\/uploads\/2022\/08\/dlugopis-touch-pen-vv-bialy.jpeg?fit=753%2C753&ssl=1&resize=350%2C200 1x, https:\/\/i0.wp.com\/victoriavynn.ca\/wp-content\/uploads\/2022\/08\/dlugopis-touch-pen-vv-bialy.jpeg?fit=753%2C753&ssl=1&resize=525%2C300 1.5x, https:\/\/i0.wp.com\/victoriavynn.ca\/wp-content\/uploads\/2022\/08\/dlugopis-touch-pen-vv-bialy.jpeg?fit=753%2C753&ssl=1&resize=700%2C400 2x"},"classes":[]},{"id":3062,"url":"https:\/\/victoriavynn.ca\/fr\/product\/victoria-vynn-backpack-bag-black\/","url_meta":{"origin":12374,"position":4},"title":"Victoria VYNN Sac \u00e0 dos noir","author":"Serge Sahakian","date":"ao\u00fbt 18, 2022","format":false,"excerpt":"Mat\u00e9riel de marketing de Victoria VYNN","rel":"","context":"Similar post","block_context":{"text":"Similar post","link":""},"img":{"alt_text":"","src":"https:\/\/i0.wp.com\/victoriavynn.ca\/wp-content\/uploads\/2022\/08\/backpack-bag-black.jpeg?fit=1200%2C1200&ssl=1&resize=350%2C200","width":350,"height":200,"srcset":"https:\/\/i0.wp.com\/victoriavynn.ca\/wp-content\/uploads\/2022\/08\/backpack-bag-black.jpeg?fit=1200%2C1200&ssl=1&resize=350%2C200 1x, https:\/\/i0.wp.com\/victoriavynn.ca\/wp-content\/uploads\/2022\/08\/backpack-bag-black.jpeg?fit=1200%2C1200&ssl=1&resize=525%2C300 1.5x, https:\/\/i0.wp.com\/victoriavynn.ca\/wp-content\/uploads\/2022\/08\/backpack-bag-black.jpeg?fit=1200%2C1200&ssl=1&resize=700%2C400 2x, https:\/\/i0.wp.com\/victoriavynn.ca\/wp-content\/uploads\/2022\/08\/backpack-bag-black.jpeg?fit=1200%2C1200&ssl=1&resize=1050%2C600 3x"},"classes":[]},{"id":22146,"url":"https:\/\/victoriavynn.ca\/fr\/product\/victoria-vynn-bracelet-black\/","url_meta":{"origin":12374,"position":5},"title":"Victoria VYNN Bracelet noir","author":"Serge Sahakian","date":"juin 18, 2025","format":false,"excerpt":"","rel":"","context":"Similar post","block_context":{"text":"Similar post","link":""},"img":{"alt_text":"","src":"https:\/\/i0.wp.com\/victoriavynn.ca\/wp-content\/uploads\/2025\/06\/bracelet-black.jpeg?fit=1200%2C1200&ssl=1&resize=350%2C200","width":350,"height":200,"srcset":"https:\/\/i0.wp.com\/victoriavynn.ca\/wp-content\/uploads\/2025\/06\/bracelet-black.jpeg?fit=1200%2C1200&ssl=1&resize=350%2C200 1x, https:\/\/i0.wp.com\/victoriavynn.ca\/wp-content\/uploads\/2025\/06\/bracelet-black.jpeg?fit=1200%2C1200&ssl=1&resize=525%2C300 1.5x, https:\/\/i0.wp.com\/victoriavynn.ca\/wp-content\/uploads\/2025\/06\/bracelet-black.jpeg?fit=1200%2C1200&ssl=1&resize=700%2C400 2x, https:\/\/i0.wp.com\/victoriavynn.ca\/wp-content\/uploads\/2025\/06\/bracelet-black.jpeg?fit=1200%2C1200&ssl=1&resize=1050%2C600 3x"},"classes":[]}],"jetpack_sharing_enabled":true,"_links":{"self":[{"href":"https:\/\/victoriavynn.ca\/fr\/wp-json\/wp\/v2\/product\/12374","targetHints":{"allow":["GET"]}}],"collection":[{"href":"https:\/\/victoriavynn.ca\/fr\/wp-json\/wp\/v2\/product"}],"about":[{"href":"https:\/\/victoriavynn.ca\/fr\/wp-json\/wp\/v2\/types\/product"}],"replies":[{"embeddable":true,"href":"https:\/\/victoriavynn.ca\/fr\/wp-json\/wp\/v2\/comments?post=12374"}],"wp:featuredmedia":[{"embeddable":true,"href":"https:\/\/victoriavynn.ca\/fr\/wp-json\/wp\/v2\/media\/12375"}],"wp:attachment":[{"href":"https:\/\/victoriavynn.ca\/fr\/wp-json\/wp\/v2\/media?parent=12374"}],"wp:term":[{"taxonomy":"product_brand","embeddable":true,"href":"https:\/\/victoriavynn.ca\/fr\/wp-json\/wp\/v2\/product_brand?post=12374"},{"taxonomy":"product_cat","embeddable":true,"href":"https:\/\/victoriavynn.ca\/fr\/wp-json\/wp\/v2\/product_cat?post=12374"},{"taxonomy":"product_tag","embeddable":true,"href":"https:\/\/victoriavynn.ca\/fr\/wp-json\/wp\/v2\/product_tag?post=12374"}],"curies":[{"name":"wp","href":"https:\/\/api.w.org\/{rel}","templated":true}]}}